{"id":32,"date":"2023-01-10T13:03:39","date_gmt":"2023-01-10T12:03:39","guid":{"rendered":"http:\/\/wp1054809.server-he.de\/?page_id=32"},"modified":"2026-04-12T12:58:12","modified_gmt":"2026-04-12T10:58:12","slug":"live","status":"publish","type":"page","link":"http:\/\/www.neurutics.de\/index.php\/live\/","title":{"rendered":"Live"},"content":{"rendered":"<p>&#8212;&#8212;&#8212;&#8212;&#8212;&#8212;&#8212;&#8212;&#8212;&#8212;&#8212;&#8212;&#8212;&#8212;&#8212;&#8212;&#8212;&#8212;&#8212;&#8212;&#8212;&#8212;&#8212;&#8212;&#8212;&#8211;<br \/>\nNext Gigs:<br \/>\n&#8212;&#8212;&#8212;&#8212;&#8212;&#8212;&#8212;&#8212;&#8212;&#8212;&#8212;&#8212;&#8212;&#8212;&#8212;&#8212;&#8212;&#8212;&#8212;&#8212;&#8212;&#8212;&#8212;&#8212;&#8212;&#8211;<\/p>\n<p>Fr. 17.04.26 &#8211; Rudolfstra\u00dfe 3 &#8211; Pforzheim<br \/>\nSa. 18.04.26 &#8211; <a href=\"https:\/\/www.facebook.com\/JuhaKlause\/?locale=de_DE\" target=\"_blank\" rel=\"noopener\">Jugendhaus Klause<\/a> &#8211; Rottenburg<br \/>\nSa. 13.06.26 &#8211; <a href=\"https:\/\/www.kuleknut-ev.de\/urban-knutstock\" target=\"_blank\" rel=\"noopener\">Knutstock Festival<\/a> &#8211; Freiburg<br \/>\nSa. 04.07.26 &#8211; privat<br \/>\nSa. 08.08.26 &#8211; <a href=\"https:\/\/silvatica.site\/\" target=\"_blank\" rel=\"noopener\">Silvatica Festival<\/a> &#8211; Schw\u00e4bisch Hall<\/p>\n<hr \/>\n<p>Sa. 21.03.26 &#8211; <a href=\"https:\/\/club-voltaire.net\/\" target=\"_blank\" rel=\"noopener\">Club Voltaire T\u00fcbingen<\/a> &#8211; T\u00fcbingen<br \/>\nFr. 01.08.25 &#8211; 17:45 &amp; 23:15 <a href=\"https:\/\/wacken.com\/\">Wackinger Beergarden<\/a> &#8211; W:O:A Wacken<br \/>\nDo. 31.07.25 &#8211; 17:45 &amp; 00:15 <a href=\"https:\/\/wacken.com\/\">Wackinger Beergarden<\/a> &#8211; W:O:A Wacken<br \/>\nSa. 12.07.25 &#8211; <a href=\"https:\/\/redrocketfestival.de\/\">Red Rocket Festival<\/a> &#8211; Kierspe<br \/>\nSa. 28.06.25 &#8211; privat<br \/>\nFr. 27.06.25 &#8211; <a href=\"https:\/\/www.freiburgstimmtein.de\/\">Freiburg stimmt ein<\/a> &#8211; Freiburg<br \/>\nSa. 31.05.25 &#8211; <a href=\"https:\/\/www.muetzingenta.de\/\">M\u00fctzingenta<\/a> &#8211; M\u00fctzingen<br \/>\nFr. 30.05.25 &#8211; <a href=\"https:\/\/kulturhaus-bo.de\/\">Kulturhaus B.O.<\/a> &#8211; Asendorf<br \/>\nDo. 29.05.25 &#8211; Wagenplatz Frischluftschneise &#8211; Mainz<br \/>\nDo. 08.05.25 &#8211; <a href=\"https:\/\/www.franzk.net\/musik\/08-05-2025-iva-nova-ru-iva-nova-neurutics\">franz.K<\/a> mit Iva Nova! &#8211; Reutlingen<br \/>\nSa. 01.03.25 &#8211; Best Club in Town &#8211; Pforzheim<br \/>\nSa. 23.11.24 &#8211; Theater am Olgaeck, mit \u0421\u043e\u0432\u0435\u0440\u0448\u0435\u043d\u043d\u043e \u0421\u0435\u043a\u0440\u0435\u0442\u043d\u043e &#8211; 19 Uhr! &#8211; Stuttgart<br \/>\nSa. 07.09.24 &#8211; Lorettofest &#8211; T\u00fcbingen<br \/>\nSa. 13.09.24 &#8211; tba<br \/>\nFr. 12.07.24 privat<br \/>\nFr. 28.06.24 &#8211; <a href=\"https:\/\/www.neckarfest-rottenburg.de\/\">Neckarfest<\/a> &#8211; Rottenburg<br \/>\nSa. 15.06.24 &#8211; Wagenburg &#8211; Karlsruhe<br \/>\nFr. 14.06.24 &#8211; <a href=\"https:\/\/www.freiburgstimmtein.de\/\">&#8222;Freiburg stimmt ein&#8220;<\/a> &#8211; Freiburg<br \/>\nSa. 01.06.24 &#8211; <a href=\"https:\/\/eurofolkfestival.de\/\/lineup-bands-programm.html\">Eurofolk-Festival<\/a> &#8211; Ingelheim<br \/>\nMi. 08.05.24 &#8211; <a href=\"https:\/\/kulturhaus-bo.de\/event\/neurutics\/\">Kulturhaus B.O.<\/a> &#8211; Asendorf<br \/>\nDo. 09.05.24 &#8211; tba<br \/>\nFr. 10.05.24 &#8211; <a href=\"https:\/\/www.muetzingenta.de\/2024\/02\/29\/muetzingenta-2024\/\">M\u00fctzingenta<\/a> &#8211; M\u00fctzingen<br \/>\nSa. 11.05.24 &#8211; Stadtteilbauernhof &#8211; Hannover<br \/>\nSa. 09.03.24 &#8211; mit Kliffh\u00e4nger und Jungle &#8211; <a href=\"http:\/\/www.neurutics.de\/wp-content\/uploads\/2024\/03\/5399936848412925267_121.jpg\">Tool-Shed, Rottenburg<\/a><br \/>\n07.10.23 &#8211; S\u00fcdstadt-Sause &#8211; Sternplatz 20 Uhr &#8211; T\u00fcbingen<br \/>\nSa. 15.07.23 &#8211; <a href=\"https:\/\/sommerfestival-der-kulturen.de\/programm\/\">Sommerfestival der Kulturen<\/a> &#8211; Stuttgart<br \/>\nFr. 14.07.23 &#8211; &#8222;<a href=\"https:\/\/www.openstreetmap.org\/way\/918719853\">Sch\u00f6ner-Wohnen<\/a>&#8222;-B\u00fchne ca. 21 Uhr &#8211; Stadtfest T\u00fcbingen<br \/>\nSa. 01.07.23 &#8211; privat<br \/>\nSa. 20.05.23 &#8211; Wohnprojekt (PN) &#8211; T\u00fcbingen mit <a href=\"https:\/\/youtu.be\/25KeKI-Hck0\" target=\"_blank\" rel=\"noopener\">Iva Nova<\/a><br \/>\nSa. 13.05.23 &#8211; <a href=\"https:\/\/www.nuertingen.de\/de\/nuertingen-fuer-alle\/kultur-sport-freizeit\/kulturprogramm\/nuertinger-musiknacht\/\">Alte Seegrasspinnerei &#8211; Musiknacht<\/a> N\u00fcrtingen<br \/>\n<del datetime=\"2023-03-31T13:12:27+00:00\">Fr. 31.03.23 &#8211; <a href=\"https:\/\/hafenschaenke.de\/event\/neurutics\/\" target=\"_blank\" rel=\"noopener\">Hafensch\u00e4nke<\/a> &#8211; Dortmund<\/del> Abgesagt &#8211; krank<br \/>\n<del datetime=\"2023-03-31T13:12:27+00:00\">Sa. 01.04.23 &#8211; <a href=\"https:\/\/www.facebook.com\/Neuwirtshaus4\/\" target=\"_blank\" rel=\"noopener\">Neuwirtshaus<\/a> &#8211; Hanau<\/del> Abgesagt &#8211; krank<br \/>\nSa. 28.01.23 &#8211; Best Club in Town &#8211; Pforzheim<br \/>\nSa. 17.12.22 &#8211; Sonnenwende &#8211; privat<br \/>\nMo. 07.11.22 &#8211; <a href=\"https:\/\/franzk.net\/eventsingle\/2762\">franzk <\/a>&#8211; Reutlingen mit <a href=\"https:\/\/franzk.net\/eventsingle\/2762\">Iva Nova<\/a><br \/>\nDi. 25.10.22 &#8211; Cafe Galao &#8211; Stuttgart <a href=\"https:\/\/www.youtube.com\/watch?v=CLqj0HIuPqY\">RAZMOTCHIKI KATUSHEK<\/a><br \/>\nSa. 22.10.22 &#8211; Kunstverein &#8211; N\u00fcrnberg mit <a href=\"https:\/\/www.youtube.com\/watch?v=CLqj0HIuPqY\">RAZMOTCHIKI KATUSHEK<\/a><br \/>\nFr. 21.10.22 &#8211; <a href=\"https:\/\/karman-ev.de\/99-fr-21-10-2020-razmotchiki-katushek-rus-nl-neurutics-de\">Ballonfabrik<\/a> &#8211; Augsburg mit <a href=\"https:\/\/www.youtube.com\/watch?v=CLqj0HIuPqY\">RAZMOTCHIKI KATUSHEK<\/a><br \/>\nDo. 20.10.22 &#8211; <a href=\"fichtehaus.com\">Fichtehaus<\/a> &#8211; T\u00fcbingen mit <a href=\"https:\/\/www.youtube.com\/watch?v=CLqj0HIuPqY\">RAZMOTCHIKI KATUSHEK<\/a><br \/>\nFr. 23.09.22 &#8211; privat<br \/>\nSa. 10.09.22 &#8211; <a href=\"https:\/\/www.tuebingen-info.de\/tuebingen\/event\/detail\/Lorettofest-1483804\">Lorettofest <\/a>&#8211; T\u00fcbingen<br \/>\nSa. 30.07.22 &#8211; <a href=\"https:\/\/labyrinth-stuttgart.de\/festival\/\">Lavyrinth-Festival<\/a> &#8211; Stuttgart<br \/>\nSa. 23.07.22 &#8211; <a href=\"https:\/\/www.provisorium-nt.de\/open-air-2022\/\">Sch\u00f6n am Neckar Festival<\/a> &#8211; N\u00fcrtingen<br \/>\nSa. 25.06.22 &#8211; <a href=\"https:\/\/alan-umzuege.de\/wp-content\/uploads\/2022\/04\/ALAN-Umzuege-Jubilaeum-724x1024.png\">ALAN-Jubil\u00c3\u00a4um<\/a> &#8211; Betzingen<br \/>\nFr. 08.07.22 &#8211; &#8222;Sch\u00f6ner Wohnen&#8220;-B\u00fchne hinterm B\u00fcrgeramt &#8211; Stadtfest T\u00fcbingen<br \/>\nSa. 14.05.22 &#8211; <a href=\"https:\/\/www.seegrasspinnerei.de\/events\/seegras-festival-mit-neurutics-soul-ball-rumpelkammer-und-npep-und-vj-juladi\/?occurrence=2022-05-14\">Seegrass-Festival<\/a> &#8211; N\u00fcrtingen<br \/>\nSa. 17.07.21 &#8211; <a href=\"https:\/\/www.toujours-kultur.de\/programm-stadion-akk\">Toujours-Kultur<\/a> &#8211; Altes Stadion &#8211; Karlsruhe<br \/>\nFr. 23.07.21 &#8211; <a href=\"https:\/\/www.franzk.net\/eventsingle\/2304\">inter:komm<\/a> &#8211; <a href=\"https:\/\/www.franzk.net\/echazhafen\">Echaz-Hafen<\/a> &#8211; Reutlingen<br \/>\nDo. 01.07.21 &#8211; <a href=\"https:\/\/www.provisorium-nt.de\">&#8222;Le petit Vendredi&#8220; im H\u00f6lderlingarten<\/a> &#8211; N\u00fcrtingen<br \/>\nSa. 19.06.21 &#8211; <a href=\"https:\/\/www.facebook.com\/events\/466544851306604\/\">Sommerb\u00fchne im Annahof<\/a> &#8211; Augsburg<br \/>\nSa. 12.09.20 &#8211; privat<br \/>\nSo. 02.08.20 &#8211; <a href=\"https:\/\/www.sinnflut.biz\/sinnflut_festival\">Sinnflut Festival<\/a> &#8211; Erding &#8211; CANCELLED<br \/>\nSa. 18.07.20 &#8211; tba &#8211; Karlsruhe &#8211; CANCELLED<br \/>\nFr. 10.07.20 &#8211; <a href=\"https:\/\/www.provisorium-nt.de\/open-air-2019\/\">Sch\u00f6n am Neckar-Festival<\/a> &#8211; N\u00fcrtingen &#8211; CANCELLED<br \/>\nSa. 23.05.20 &#8211; <a href=\"https:\/\/www.musiknacht-kirchheim.de\/\">Musiknacht<\/a> &#8211; Kirchheim (Teck) &#8211; CANCELLED<br \/>\nMi. 20.05.20 &#8211; <a href=\"https:\/\/karman-ev.de\/90-mi-20-05-2020-karman-festival\">Karman Festival<\/a> &#8211; Augsburg &#8211; CANCELLED<br \/>\nSa. 16.05.20 &#8211; tba &#8211; CANCELLED<br \/>\nSa. 25.04.20 &#8211; <a href=\"https:\/\/www.facebook.com\/events\/560221274703990\/permalink\/582894505770000\/\">Wagenhallen<\/a> &#8211; Stuttgart &#8211; CANCELLED<br \/>\nFr. 22.11.19 &#8211; mit <a href=\"https:\/\/www.youtube.com\/watch?v=diyot1FTJSk\" target=\"_blank\" rel=\"noopener\">\u00c4l Jawala<\/a> &#8211; <a href=\"https:\/\/www.franzk.net\/events\/view\/id\/178091\/date\/1574377200\" target=\"_blank\" rel=\"noopener\">franzK<\/a> &#8211; Reutlingen<br \/>\nFr. 08.11.19 &#8211; mit GWEIHRA im Ratskeller &#8211; T\u00fcbingen<br \/>\nSa. 26.10.19 &#8211; mit <a href=\"https:\/\/www.facebook.com\/events\/2202833840015214\/?active_tab=about\">IVA NOVA<\/a> &#8211; Schelling-Hausbar, T\u00fcbingen<br \/>\nDi. 23.07.19 &#8211; <a href=\"https:\/\/twitter.com\/gartensia7\" target=\"_blank\" rel=\"noopener\">Gartensia<\/a> &#8211; Gartenstr. 7, T\u00fcbingen<br \/>\nSa. 20.07.19 &#8211; Sommerfest Schelling &#8211; T\u00fcbingen<br \/>\nSa. 06.07.19 &#8211; <a href=\"http:\/\/kububabu.eu\/kulturtage-2019.html\" target=\"_blank\" rel=\"noopener\">Kulturtage 2019<\/a> &#8211; Wagenburg T\u00fcbingen<br \/>\nDo. 06.06.19 &#8211; <a href=\"www.sudhaus-tuebingen.de\">Sudhaus Biergarten<\/a> &#8211; T\u00fcbingen<br \/>\nFr. 21.06.19 &#8211; <a href=\"https:\/\/www.eurofolkfestival.de\/\" target=\"_blank\" rel=\"noopener\">Eurofolkfestival<\/a> &#8211; Ingelheim<br \/>\nSa. 01.06.19 &#8211; <a href=\"https:\/\/www.facebook.com\/events\/336964193807540\/\" target=\"_blank\" rel=\"noopener\">Da danzet se! Festival 2019<\/a> &#8211; Rottenburg-Hailfingen<br \/>\nSa. 11.05.19 &#8211; <a href=\"https:\/\/www.karman-ev.de\/69-sa-11-05-2019-iva-nova-rus\">Provino Club<\/a> &#8211; Augsburg mit <a href=\"https:\/\/www.facebook.com\/IVA.NOVA.ru\/\">Iva Nova<\/a><br \/>\nSa. 08.12.18 &#8211; NeuRuTics dezimiert Part II &#8211; <a href=\"http:\/\/bergcafe-reusten.de\" target=\"_blank\" rel=\"noopener\">Bergcafe<\/a> Reusten<br \/>\nSa. 24.11.18 &#8211; privat<br \/>\nFr. 26.10.18 &#8211; mit <a href=\"https:\/\/www.youtube.com\/watch?v=24S80G6vDRg\">Iva Nova<\/a> (RU) &#8211; Ratskeller<br \/>\nSa. 15.09.18 &#8211; <a href=\"http:\/\/das-lichtspielhaus.de\/index.php?id=6&amp;content=details&amp;edID=11110\">Lichspielhaus<\/a> &#8211; Riedlingen<br \/>\nSa. 29.09.18 &#8211; privat<br \/>\nSo. 02.09.18 &#8211; <a href=\"https:\/\/www.connect-ev.de\/artist\/neurutics\/\">connect!-Festival<\/a> &#8211; M\u00fcnsingen<br \/>\nFr. 17.08.18 &#8211; <a href=\"https:\/\/amscamp.de\">Action, Mond und Sterne<\/a> &#8211; St. Georgen<br \/>\nSa. 21.07.18 &#8211; Viertelfest &#8211; Franz\u00f6sisches Viertel T\u00fcbingen (ca. 20 Uhr)<br \/>\nSo. 24.06.18 &#8211; Neckarfest &#8211; Rottenburg<br \/>\nSa. 23.06.18 &#8211; privat<br \/>\nSa. 16.06.18 &#8211; Stadtfest Reutlingen (B\u00fchne am T\u00fcbinger Tor) &#8211; 20:00 Uhr<br \/>\nSa. 07.04.18 &#8211; <a href=\"http:\/\/www.villa-locomuna.de\/\" target=\"_blank\" rel=\"noopener\">Villa Locomuna<\/a> &#8211; Kassel<br \/>\nSa. 17.03.18 &#8211; <span style=\"text-decoration: line-through;\"><a href=\"https:\/\/www.hs-rottenburg.net\/aktuelles\/aktuelle-meldungen\/detail\/artikel\/1-internationale-wochen-gegen-rassismus\/\">JuHa Klause<\/a> &#8211; Rottenburg<\/span><br \/>\nSa. 10.03.18 &#8211; <a href=\"http:\/\/berghaus-reusten.de\/events\/\">Berghaus<\/a> &#8211; Reusten<br \/>\nFr. 26.01.18 &#8211; <a href=\"https:\/\/www.facebook.com\/FrauHopf\/\">Frau Hopf im Schlosscaf\u00c3\u00a9<\/a> mit DJ Stakan &#8211; T\u00fcbingen<br \/>\nFr. 22.12.17 &#8211; privat<br \/>\nSo. 23.09.17 &#8211; <a href=\"http:\/\/mana-festival.de\" target=\"_blank\" rel=\"noopener\">Mana-Festival<\/a> &#8211; Berghaus Reusten<br \/>\nSa. 22.07.17 &#8211; <a href=\"http:\/\/represent-music.de\/artists\/\" target=\"_blank\" rel=\"noopener\">Represent<\/a> &#8211; Sudhaus (Biergarten), T\u00fcbingen<br \/>\nFr. 07.07.17 &#8211; 22 Uhr, Haagtorb\u00fchne &#8211; Stadtfest T\u00fcbingen<br \/>\nSo. 04.06.17 &#8211; <a href=\"https:\/\/www.geschichtserlebnisraum.de\/family-folk-festival.html\" target=\"_blank\" rel=\"noopener\">4. Family Folk Festival<\/a> &#8211; L\u00fcbeck<br \/>\nFr. 12.05.17 &#8211; 5 Jahre NeuRuTics &#8211; Jubil\u00e4umskonzert mit <a href=\"https:\/\/youtu.be\/X1enV3hsBuk\" target=\"_blank\" rel=\"noopener\">Iva Nova<\/a> &#8211; Ratskeller, T\u00fcbingen<br \/>\nFr. 24.02.17 &#8211; live auf <a href=\"http:\/\/www.wueste-welle.de\" target=\"_blank\" rel=\"noopener\">W\u00fcste Welle<\/a> von 21-23 Uhr<br \/>\nSa. 11.02.17 &#8211; Frau Hopf im Schlosscafe &#8211; T\u00fcbingen (+ Aftershow DJ)<br \/>\nFr. 18.11.16 &#8211; vor <a href=\"http:\/\/www.rasgarasga.de\/\" target=\"_blank\" rel=\"noopener\">RasgaRasga<\/a> und <a href=\"http:\/\/www.dgw-rockt.de\/\" target=\"_blank\" rel=\"noopener\">Die Gr\u00fcne Welle<\/a> &#8211; <a href=\"http:\/\/kupferdaechle.de\/programmkalender\/veranstaltungen\/item\/rasga-rasga\" target=\"_blank\" rel=\"noopener\">Kupferd\u00e4chle<\/a> &#8211; Pforzheim<br \/>\nSa. 05.11.16 &#8211; vor <a href=\"http:\/\/www.russkaja.com\/\" target=\"_blank\" rel=\"noopener\">Russkaja<\/a> &#8211; <a href=\"https:\/\/www.franzk.net\/events\/view\/id\/147235\/date\/1478300400\" target=\"_blank\" rel=\"noopener\">franz.k<\/a> &#8211; Reutlingen<br \/>\nSa. 24.09.16 &#8211; Solikonzert mit CYCO SANCHEZ SUPERGROUP im JuHa Klause &#8211; Rottenburg<br \/>\nSa. 17.09.16 &#8211; *Privat*<br \/>\nSa. 23.07.16 &#8211; <a href=\"http:\/\/www.lebensfreude-rottenburg.de\/zehnerle-2016\/\" target=\"_blank\" rel=\"noopener\">Zehnerle<\/a> &#8211; Rottenburg<br \/>\nDo. 09.06.16 &#8211; Lagerfeuerkonzert &#8211; Sudhaus &#8211; T\u00fcbingen<br \/>\nSa. 04.06.16 &#8211; mit DJ Stakan &#8211; <a href=\"https:\/\/www.facebook.com\/kulturcafecapone\/\" target=\"_blank\" rel=\"noopener\">Capone<\/a> &#8211; G\u00f6ppingen<br \/>\nSa. 28.05.16 &#8211; SUSI &#8211; Freiburg<br \/>\nFr. 29.04.16 &#8211; Kaiserhalle &#8211; Reutlingen<br \/>\nSa. 30.04.16 &#8211; *Privat*<br \/>\nSa. 20.02.16 &#8211; <a href=\"https:\/\/www.facebook.com\/kulturcafecapone\/\" target=\"_blank\" rel=\"noopener\">Capone<\/a> &#8211; G\u00f6ppingen<br \/>\nSa. 23.01.16 &#8211; Schlosscafe &#8211; T\u00fcbingen (+ Aftershow DJ)<br \/>\nSa. 25.07.15 &#8211; FranzK Festival &#8211; Reutlingen<br \/>\nSa. 11.07.15 &#8211; Stadtfest T\u00fcbingen &#8211; 22 Uhr &#8211; Haagtorb\u00fchne<br \/>\nSa. 27.06.15 &#8211; Hausfest Wohnprojekt 009 &#8211; T\u00fcbingen, Provenceweg 3<br \/>\nSa. 13.06.15 &#8211; Rothenburg &#8211; T\u00fcbingen &#8211; 23 Uhr<br \/>\nSa. 06.06.15 &#8211; RACT-Festival &#8211; 18-19 Uhr &#8211; T\u00fcbingen<br \/>\nSa. 16.05.15 &#8211; Provisorium &#8211; N\u00fcrtingen + Trio3 + DJ<br \/>\nSa. 28.02.15 &#8211; <a href=\"www.yorcks-bar.de\" target=\"_blank\" rel=\"noopener\">Yorcks Bar<\/a> &#8211; Berlin<br \/>\nFr. 27.02.15 &#8211; Hangar 49 mit <a href=\"https:\/\/soundcloud.com\/mirmix\/sets\/mugamanta-ep\" target=\"_blank\" rel=\"noopener\">MirMix Orchestra<\/a> &#8211; Berlin<br \/>\nSa. 24.01.15 &#8211; Schlosscaf\u00e9 &#8211; T\u00fcbingen (+ AFTERSHPW DJ!!!)<br \/>\nSa. 17.01.15 &#8211; Cafe Nepomuk &#8211; Reutlingen (doch nicht 100% akustisch!)<br \/>\nFr. 31.10.14 &#8211; Knabenschule &#8211; Darmstadt<br \/>\nSa. 27.09.14 &#8211; <a href=\"http:\/\/4haeuserprojekt.wordpress.com\" target=\"_blank\" rel=\"noopener\">4-H\u00e4user-Projekt<\/a>-Fest &#8211; T\u00fcbingen &#8211; 20:30 Uhr<br \/>\nFr. 22.08.14 &#8211; <a href=\"http:\/\/actionmondundsterne.blogsport.de\" target=\"_blank\" rel=\"noopener\">Action-Mond-und-Sterne<\/a> &#8211; ca.22:00 Simmersfeld<br \/>\nSa. 16.08.14 &#8211; Private Feier<br \/>\nSa. 09.08.14 &#8211; <a href=\"http:\/\/www.ud-stuttgart.de\" target=\"_blank\" rel=\"noopener\">U&amp;D Stuttgart<\/a> &#8211; Stuttgart &#8211; 18 Uhr<br \/>\nMi. 28.05.14 &#8211; Schedhalle (Er\u00f6ffnung Fotoausstellung) &#8211; T\u00fcbingen ca. 20:30<br \/>\nFr. 23.05.14 &#8211; <a href=\"http:\/\/www.schuetzenhaus-restaurant.de\/\" target=\"_blank\" rel=\"noopener\">Sch\u00fctzenhaus<\/a> &#8211; Pforzheim<br \/>\nSa. 24.05.14 &#8211; <a href=\"http:\/\/www.fat-jam.de\" target=\"_blank\" rel=\"noopener\">Fat-Jam<\/a> &#8211; JuHa Herrenberg &#8211; 17 Uhr<br \/>\nSa. 24.05.14 &#8211; <a href=\"https:\/\/lu15.de\/2014\/04\/21\/hausfest-am-24-05-2014\/\" target=\"_blank\" rel=\"noopener\">LU15<\/a>-Hausfest &#8211; T\u00fcbingen &#8211; ca. 21 Uhr &#8211; Aftershow: DJ Yago<br \/>\nFr. 09.05.14 &#8211; Schlosscafe mit Aftershow DJ Stakan- T\u00fcbingen<br \/>\nFr. 28.03.14 &#8211; SUSI &#8211; Freiburg<br \/>\nSa. 15.03.14 &#8211; <a href=\"http:\/\/www.lange-nacht.de\/\" target=\"_blank\" rel=\"noopener\">Lange Nacht der Museen<\/a> &#8211; <a href=\"http:\/\/www.hausdeswaldes.de\/\" target=\"_blank\" rel=\"noopener\">Haus des Waldes<\/a> Stuttgart-Degerloch<br \/>\nSa. 07.09.13 &#8211; Lorettofest &#8211; T\u00fcbingen<br \/>\nFr. 12.07.13 &#8211; Schlosscafe, T\u00fcbingen &#8211; ABGESAGT!!!<br \/>\nSa. 06.07.13 &#8211; Stadtfest T\u00fcbingen, B\u00fchne &#8222;Fruchtschranne&#8220; beim B\u00fcrgeramt<br \/>\nFr. 07.12.12 &#8211; Picasso + DJs &#8222;Frau Jaga und Co&#8220; &#8211; T\u00fcbingen<br \/>\nMi. 21.07.12 &#8211; Knutstock-Festival, Denzlingen bei Freiburg<br \/>\nMi. 06.06.12 &#8211; Picasso + DJ &#8222;Frau Jaga&#8220; &#8211; T\u00fcbingen, Eintritt: freiwillige Spende<br \/>\nSa. 05.05.12 &#8211; <a href=\"http:\/\/www.akk.org\" target=\"_blank\" rel=\"noopener\">Easter Rising Festival<\/a> &#8211; Karlsruhe<br \/>\nFr. 06.04.12 &#8211; <a href=\"http:\/\/tiefgrund-venue.jimdo.com\/\" target=\"_blank\" rel=\"noopener\">Tiefgrund<\/a> &#8211; Berlin<br \/>\nSa. 07.04.12 &#8211; <a href=\"http:\/\/www.hangar49.de\" target=\"_blank\" rel=\"noopener\">Hangar 49<\/a> &#8211; Berlin<br \/>\nSa. 23.07.11 &#8211; <a href=\"http:\/\/www.franzk.net\" target=\"_blank\" rel=\"noopener\">Sommerfest franzK<\/a> &#8211; Reutlingen 20:00 Uhr<br \/>\nFr. 22.07.11 &#8211; <a href=\"http:\/\/www.kububabu.de\" target=\"_blank\" rel=\"noopener\">Kulturtage Wagenburg<\/a> &#8211; T\u00fcbingen 22:00 Uhr<br \/>\nSa. 09.07.11 &#8211; <a href=\"http:\/\/www.bruckfelden-openair.de\" target=\"_blank\" rel=\"noopener\">Bruckfelden Open Air<\/a> 20:00 Uhr<br \/>\nFr. 08.07.11 &#8211; Stadtfest T\u00fcbingen &#8211; Sch\u00f6ner-Wohnen-B\u00fchne 21:30 Uhr<br \/>\nSa. 02.07.11 &#8211; <a href=\"http:\/\/www.fusion-festival.de\" target=\"_blank\" rel=\"noopener\"><b>Fusion Festival<\/b><\/a> &#8211; L\u00e4rz<br \/>\nSa. 09.03.11 &#8211; <a href=\"http:\/\/www.hangar49.de\" target=\"_blank\" rel=\"noopener\">Hangar 49<\/a> &#8211; Berlin<br \/>\nFr. 08.03.11 &#8211; Artliners &#8211; Berlin<br \/>\nSa. 18.12.10 &#8211; Hegelstrasse 7 &#8211; Hausfest 2010 &#8211; T\u00fcbingen<br \/>\nMi. 01.12.10 &#8211; Medienakademie &#8211; Baden-Baden<\/p>\n<p>Live-Videos:<br \/>\n<iframe loading=\"lazy\" title=\"YouTube video player\" src=\"https:\/\/www.youtube.com\/embed\/kFZpKx3S40g\" width=\"560\" height=\"315\" frameborder=\"0\" allowfullscreen=\"allowfullscreen\"><\/iframe><\/p>\n<p><iframe loading=\"lazy\" title=\"NeuRuTics @ Hangar49 07.04.2012\" src=\"https:\/\/www.youtube.com\/embed\/xReH98CklEI\" width=\"560\" height=\"315\" frameborder=\"0\" allowfullscreen=\"allowfullscreen\"><\/iframe><\/p>\n","protected":false},"excerpt":{"rendered":"<p>&#8212;&#8212;&#8212;&#8212;&#8212;&#8212;&#8212;&#8212;&#8212;&#8212;&#8212;&#8212;&#8212;&#8212;&#8212;&#8212;&#8212;&#8212;&#8212;&#8212;&#8212;&#8212;&#8212;&#8212;&#8212;&#8211; Next Gigs: &#8212;&#8212;&#8212;&#8212;&#8212;&#8212;&#8212;&#8212;&#8212;&#8212;&#8212;&#8212;&#8212;&#8212;&#8212;&#8212;&#8212;&#8212;&#8212;&#8212;&#8212;&#8212;&#8212;&#8212;&#8212;&#8211; Fr. 17.04.26 &#8211; Rudolfstra\u00dfe 3 &#8211; Pforzheim Sa. 18.04.26 &#8211; Jugendhaus Klause &#8211; Rottenburg Sa. 13.06.26 &#8211; Knutstock Festival &#8211; Freiburg Sa. 04.07.26 &#8211; privat Sa. 08.08.26 &#8211; Silvatica Festival &#8211; Schw\u00e4bisch Hall Sa. 21.03.26 &#8211; Club Voltaire T\u00fcbingen &#8211; T\u00fcbingen Fr. 01.08.25 &#8211; 17:45 &amp; 23:15 Wackinger Beergarden &#8211; W:O:A Wacken Do. 31.07.25 &#8211; 17:45 &amp; 00:15 Wackinger Beergarden &#8211; W:O:A Wacken Sa. 12.07.25 &#8211; Red Rocket Festival &#8211; Kierspe Sa. 28.06.25 &#8211; privat Fr. 27.06.25 &#8211; Freiburg stimmt ein &#8211; Freiburg Sa. 31.05.25 &#8211; M\u00fctzingenta &#8211; M\u00fctzingen Fr. 30.05.25 &#8211; Kulturhaus B.O. &#8211; Asendorf &hellip; <\/p>\n","protected":false},"author":1,"featured_media":0,"parent":0,"menu_order":0,"comment_status":"closed","ping_status":"closed","template":"","meta":{"footnotes":""},"class_list":["post-32","page","type-page","status-publish","hentry"],"_links":{"self":[{"href":"http:\/\/www.neurutics.de\/index.php\/wp-json\/wp\/v2\/pages\/32","targetHints":{"allow":["GET"]}}],"collection":[{"href":"http:\/\/www.neurutics.de\/index.php\/wp-json\/wp\/v2\/pages"}],"about":[{"href":"http:\/\/www.neurutics.de\/index.php\/wp-json\/wp\/v2\/types\/page"}],"author":[{"embeddable":true,"href":"http:\/\/www.neurutics.de\/index.php\/wp-json\/wp\/v2\/users\/1"}],"replies":[{"embeddable":true,"href":"http:\/\/www.neurutics.de\/index.php\/wp-json\/wp\/v2\/comments?post=32"}],"version-history":[{"count":64,"href":"http:\/\/www.neurutics.de\/index.php\/wp-json\/wp\/v2\/pages\/32\/revisions"}],"predecessor-version":[{"id":571,"href":"http:\/\/www.neurutics.de\/index.php\/wp-json\/wp\/v2\/pages\/32\/revisions\/571"}],"wp:attachment":[{"href":"http:\/\/www.neurutics.de\/index.php\/wp-json\/wp\/v2\/media?parent=32"}],"curies":[{"name":"wp","href":"https:\/\/api.w.org\/{rel}","templated":true}]}}